{"id":2750,"date":"2020-09-11T16:32:22","date_gmt":"2020-09-11T16:32:22","guid":{"rendered":"https:\/\/equitas.ro\/igm\/?post_type=dt_portfolio&#038;p=2750"},"modified":"2021-01-06T09:20:43","modified_gmt":"2021-01-06T09:20:43","slug":"city-break","status":"publish","type":"dt_portfolio","link":"https:\/\/igmtravel.ro\/index.php\/project\/city-break\/","title":{"rendered":"City break"},"content":{"rendered":"\n<p><\/p>\n\n\n\n<figure class=\"wp-block-pullquote\"><blockquote><p>City break-uri<\/p><\/blockquote><\/figure>\n\n\n\n<h5 class=\"has-text-align-center\">Pentru disponibilitate, tarife \u0219i oferte personalizate, v\u0103 rug\u0103m s\u0103 ne contacta\u021bi.<\/h5>\n\n\n\n<div class=\"wp-block-buttons aligncenter\">\n<div class=\"wp-block-button\"><a class=\"wp-block-button__link has-dark-gray-background-color has-text-color has-background\" href=\"https:\/\/igmtravel.ro\/index.php\/contact\/\" style=\"color:#9f7d0f\" rel=\"https:\/\/igmtravel.ro\/index.php\/contact\/\"><strong>CONTACT<\/strong><\/a><\/div>\n<\/div>\n\n\n\n<div class=\"wp-block-columns\">\n<div class=\"wp-block-column\">\n<ul><li><strong>Londra<\/strong><\/li><li><strong>Paris<\/strong><\/li><li><strong>Praga<\/strong><\/li><li><strong>Edinburgh<\/strong><\/li><li><strong>Viena<\/strong><\/li><\/ul>\n<\/div>\n\n\n\n<div class=\"wp-block-column\">\n<ul><li><strong>Lisabona<\/strong><\/li><li><strong>Madrid<\/strong><\/li><li><strong>Barcelona<\/strong><\/li><li><strong>Berlin<\/strong><\/li><li><strong>Atena<\/strong><\/li><\/ul>\n<\/div>\n\n\n\n<div class=\"wp-block-column is-vertically-aligned-top\">\n<ul><li><strong>Roma<\/strong><\/li><li><strong>Floren\u021ba<\/strong><\/li><li><strong>Dublin<\/strong><\/li><li><strong>Tel Aviv<\/strong><\/li><li><strong>Istanbul<\/strong><\/li><\/ul>\n<\/div>\n<\/div>\n\n\n\n<div class=\"wp-block-cover has-background-dim is-position-center-center\" style=\"background-image:url(https:\/\/igmtravel.ro\/wp-content\/uploads\/2020\/09\/hero_image_11_1555943130-scaled.jpg)\"><div class=\"wp-block-cover__inner-container\">\n<p class=\"has-text-align-center has-large-font-size\"><strong>Londra<\/strong><\/p>\n<\/div><\/div>\n\n\n\n<div class=\"wp-block-columns\">\n<div class=\"wp-block-column\">\n<h5>C\u00e2nd s\u0103 c\u0103l\u0103tori\u021bi<\/h5>\n\n\n\n<ul><li>Cea ai bun\u0103 vreme:<ul><li>martie-octombrie<\/li><\/ul><\/li><li>Cea mai ieftin\u0103 perioad\u0103:<ul><li>ianuarie-februarie<\/li><li>noiembrie<\/li><\/ul><\/li><\/ul>\n<\/div>\n\n\n\n<div class=\"wp-block-column\">\n<h5>Top atrac\u021bii de vizitat<\/h5>\n\n\n\n<ul><li>Buckingham Palace<\/li><li>Turnul Londrei <\/li><li>Muzeul Victoria &amp; Albert<\/li><li>British Museum<\/li><li>Piccadilly Circus<\/li><li>Trafalgar Square<\/li><\/ul>\n<\/div>\n\n\n\n<div class=\"wp-block-column\">\n<h5>Top lucruri de neratat<\/h5>\n\n\n\n<ul><li>Borough market, locul perfect pentru gurmanzi<\/li><li>Kew Gardens, cel mai mare sit UNESCO al Londrei<\/li><li>O cin\u0103 senzorial\u0103 la Kitchen Theory<\/li><li>Shopping \u00een Covent Garden<\/li><\/ul>\n<\/div>\n<\/div>\n\n\n\n<div class=\"wp-block-cover has-background-dim\" style=\"background-image:url(https:\/\/equitas.ro\/igm\/wp-content\/uploads\/2020\/09\/tobias-stonjeck-lNLfGadulGE-unsplash-1-scaled.jpg)\"><div class=\"wp-block-cover__inner-container\">\n<p class=\"has-text-align-center has-large-font-size\"><strong>Paris<\/strong><\/p>\n<\/div><\/div>\n\n\n\n<div class=\"wp-block-columns\">\n<div class=\"wp-block-column\">\n<h5>C\u00e2nd s\u0103 c\u0103l\u0103tori\u021bi<\/h5>\n\n\n\n<ul><li>Cea mai bun\u0103 vreme:<ul><li>aprilie-iunie<\/li><li>septembrie -octombrie<\/li><\/ul><\/li><li>Cea mai ieftin\u0103 perioad\u0103:<ul><li>noiembrie-martie<\/li><\/ul><\/li><\/ul>\n<\/div>\n\n\n\n<div class=\"wp-block-column\">\n<h5>Top atrac\u021bii de vizitat<\/h5>\n\n\n\n<ul><li>Muzeul Louvre<\/li><li>Champs Elys\u00e9es \/ Arcul de triumf<\/li><li>Turnul Eiffel<\/li><li>Gr\u0103dinile Tuileries<\/li><li>Palatul Versailles<\/li><\/ul>\n<\/div>\n\n\n\n<div class=\"wp-block-column\">\n<h5>Top lucruri de neratat<\/h5>\n\n\n\n<ul><li>Zidul dragostei din Montmartre<\/li><li>Cina \u00een cartierul latin<\/li><li>Croazier\u0103 pe Sena<\/li><li>R\u0103t\u0103ci\u021bi pe str\u0103zile din Le Marais<\/li><li>Shopping in pia\u021ba Clignancourt<\/li><\/ul>\n<\/div>\n<\/div>\n\n\n\n<div class=\"wp-block-cover has-background-dim\" style=\"background-image:url(https:\/\/igmtravel.ro\/wp-content\/uploads\/2020\/09\/prague-1002963_1920.jpg)\"><div class=\"wp-block-cover__inner-container\">\n<p class=\"has-text-align-center has-large-font-size\"><strong>Praga<\/strong><\/p>\n<\/div><\/div>\n\n\n\n<div class=\"wp-block-columns\">\n<div class=\"wp-block-column\">\n<h5>C\u00e2nd s\u0103 c\u0103l\u0103tori\u021bi<\/h5>\n\n\n\n<ul><li>Cea mai bun\u0103 vreme:<ul><li>mai-octombrie<\/li><\/ul><\/li><li>Cea mai ieftin\u0103 perioad\u0103:<ul><li>noiembrie-martie<\/li><\/ul><\/li><li>Cea mai bun\u0103 perioada:<ul><li>aprilie, septembrie<\/li><\/ul><\/li><\/ul>\n<\/div>\n\n\n\n<div class=\"wp-block-column\">\n<h5>Top atrac\u021bii de vizitat<\/h5>\n\n\n\n<ul><li>Podul Charles<\/li><li>Pia\u021ba Ora\u0219ului Vechi<\/li><li>Castelul din Praga<\/li><li>Vechea prim\u0103rie \u0219i ceasul astronomic<\/li><li>Zona Mala Strana<\/li><\/ul>\n<\/div>\n\n\n\n<div class=\"wp-block-column\">\n<h5>Top lucruri de neratat<\/h5>\n\n\n\n<ul><li>Vizita\u021bi muzeul KGB<\/li><li>\u00cencerca\u021bi Koleno, branz\u0103 murat\u0103 \u0219i berea pivo, specialit\u0103\u021bi cehe\u0219ti<\/li><li>Croazier\u0103 pe Vltava<\/li><li>C\u0103uta\u021bi zidul lui John Lennon<\/li><\/ul>\n<\/div>\n<\/div>\n\n\n\n<div class=\"wp-block-cover has-background-dim\" style=\"background-image:url(https:\/\/igmtravel.ro\/wp-content\/uploads\/2020\/09\/Edinburgh-view.jpg)\"><div class=\"wp-block-cover__inner-container\">\n<p class=\"has-text-align-center has-large-font-size\"><strong>Edinburgh<\/strong><\/p>\n<\/div><\/div>\n\n\n\n<div class=\"wp-block-columns\">\n<div class=\"wp-block-column\">\n<h5>C\u00e2nd s\u0103 c\u0103l\u0103tori\u021bi<\/h5>\n\n\n\n<ul><li>Cea mai bun\u0103 vreme:<ul><li>iunie-august<\/li><\/ul><\/li><li>Cea mai bun\u0103 perioad\u0103:<ul><li>prim\u0103vara \u0219i toamna<\/li><\/ul><\/li><li>Cea mai friguroas\u0103 lun\u0103:<ul><li>ianuarie<\/li><\/ul><\/li><\/ul>\n<\/div>\n\n\n\n<div class=\"wp-block-column\">\n<h5>Top atrac\u021bii de vizitat<\/h5>\n\n\n\n<ul><li>Castelul Edinburgh<\/li><li>Palatul Holyrood<\/li><li>Tronul lui Arthur<\/li><li>Calton Hill<\/li><li>Stara The Royal Mile<\/li><\/ul>\n<\/div>\n\n\n\n<div class=\"wp-block-column\">\n<h5>Top lucruri de neratat<\/h5>\n\n\n\n<ul><li>Camera Obscura &amp; World of Illusions<\/li><li>Princes Street Gardens<\/li><li>Edinburgh Festival Fringe, \u00een August<\/li><li>Scotch Whisky Experience<\/li><li>The Chocolatarium &#8211; ciocolat\u0103 sco\u021bian\u0103<\/li><\/ul>\n<\/div>\n<\/div>\n\n\n\n<div class=\"wp-block-cover has-background-dim\" style=\"background-image:url(https:\/\/igmtravel.ro\/wp-content\/uploads\/2020\/09\/Targ_de_Craciun_Viena.jpg)\"><div class=\"wp-block-cover__inner-container\">\n<p class=\"has-text-align-center has-large-font-size\"><strong>Viena<\/strong><\/p>\n<\/div><\/div>\n\n\n\n<div class=\"wp-block-columns\">\n<div class=\"wp-block-column\">\n<h5>C\u00e2nd s\u0103 c\u0103l\u0103tori\u021bi<\/h5>\n\n\n\n<ul><li>Cea mai bun\u0103 perioad\u0103:<ul><li>aprilie-mai<\/li><li>septembrie-octombrie<\/li><\/ul><\/li><li>Cea mai aglomerat\u0103 perioad\u0103:<ul><li>iunie-august<\/li><li>decembrie<\/li><\/ul><\/li><\/ul>\n<\/div>\n\n\n\n<div class=\"wp-block-column\">\n<h5>Top atrac\u021bii de vizitat<\/h5>\n\n\n\n<ul><li>Palatul Schonbrunn<\/li><li>Catedrala Sf. \u0218tefan<\/li><li>Palatul Hofburg<\/li><li>Amalienbad, b\u0103ile termale din districtul 10<\/li><li>Palatul Belvedere<\/li><\/ul>\n<\/div>\n\n\n\n<div class=\"wp-block-column\">\n<h5>Top lucruri de neratat<\/h5>\n\n\n\n<ul><li>Naschmarkt &#8211; pia\u021ba gourmet autentic\u0103 a Vienei<\/li><li>Muzeul Sigmund Freud<\/li><li>Demel, locul \u00een care se fac cele mai bune dulciuri, din 1786 <\/li><li>Weingut Cobenzl, podgoria din apropierea Vienei <\/li><\/ul>\n<\/div>\n<\/div>\n\n\n\n<div class=\"wp-block-cover has-background-dim\" style=\"background-image:url(https:\/\/igmtravel.ro\/wp-content\/uploads\/2020\/09\/lisabona.jpg)\"><div class=\"wp-block-cover__inner-container\">\n<p class=\"has-text-align-center has-large-font-size\"><strong>Lisabona<\/strong><\/p>\n<\/div><\/div>\n\n\n\n<div class=\"wp-block-columns\">\n<div class=\"wp-block-column\">\n<h5 class=\"has-text-align-left\">C\u00e2nd s\u0103 c\u0103l\u0103tori\u021bi<\/h5>\n\n\n\n<ul><li>Cea mai bun\u0103 perioad\u0103:<ul><li>martie-mai<\/li><li>octombrie-noiembrie<\/li><\/ul><\/li><li>Cea mai aglomerat\u0103 perioad\u0103:<ul><li>iunie-septembrie<\/li><\/ul><\/li><\/ul>\n<\/div>\n\n\n\n<div class=\"wp-block-column\">\n<h5>Top atrac\u021bii de vizitat<\/h5>\n\n\n\n<ul><li>Castelo de S\u00e3o Jorge<\/li><li>M\u0103n\u0103stirea Jer\u00f3nimos<\/li><li>Muzeul Calouste Gulbenkian<\/li><li>Pal\u00e1cio dos Marqueses de Fronteira<\/li><li>Praia de Carcavelos, una dintre cele mai bune plaje din apropiere<\/li><\/ul>\n<\/div>\n\n\n\n<div class=\"wp-block-column\">\n<h5>Top lucruri de neratat<\/h5>\n\n\n\n<ul><li>Celebrele pastais de nata de Belem<\/li><li>Toate dulciurile din cofet\u0103rii \u0219i patiserii<\/li><li>O vizit\u0103 de o zi la Sintra<\/li><li>La picior prin cartierele Bairo Alto si Alfama<\/li><li>O sear\u0103 de Fado<\/li><\/ul>\n<\/div>\n<\/div>\n\n\n\n<div class=\"wp-block-cover has-background-dim\" style=\"background-image:url(https:\/\/igmtravel.ro\/wp-content\/uploads\/2020\/09\/2x-scaled.jpg)\"><div class=\"wp-block-cover__inner-container\">\n<p class=\"has-text-align-center has-large-font-size\"><strong>Madrid<\/strong><\/p>\n<\/div><\/div>\n\n\n\n<div class=\"wp-block-columns\">\n<div class=\"wp-block-column\">\n<h5>C\u00eend s\u0103 c\u0103l\u0103tori\u021bi<\/h5>\n\n\n\n<ul><li>Cea mai bun\u0103 perioad\u0103:<ul><li>martie-mai<\/li><li>septembrie-noiembrie<\/li><\/ul><\/li><li>Cea mai aglomerat\u0103 perioad\u0103:<ul><li>iulie-august<\/li><\/ul><\/li><\/ul>\n<\/div>\n\n\n\n<div class=\"wp-block-column\">\n<h5>Top atrac\u021bii de vizitat<\/h5>\n\n\n\n<ul><li>Muzeul Prado<\/li><li>Parcul Buen Retiro \u0219i Palatul de Cristal<\/li><li>Plaza Mayor<\/li><li>Puerta del Sol<\/li><li>Stadionul Santiago Bernabeu<\/li><\/ul>\n<\/div>\n\n\n\n<div class=\"wp-block-column\">\n<h5>Top lucruri de neratat<\/h5>\n\n\n\n<ul><li>Apusul la Templul Debod<\/li><li>Parcul El Capricho<\/li><li>Panteonul oamenilor ilu\u0219tri<\/li><li>Produsele de patiseria f\u0103cute de c\u0103lug\u0103ri\u021bele de la Corpus Cristi<\/li><\/ul>\n<\/div>\n<\/div>\n\n\n\n<div class=\"wp-block-cover has-background-dim\" style=\"background-image:url(https:\/\/igmtravel.ro\/wp-content\/uploads\/2020\/09\/gaudi-1285294_1920.jpg)\"><div class=\"wp-block-cover__inner-container\">\n<p class=\"has-text-align-center has-large-font-size\"><strong>Barcelona<\/strong><\/p>\n<\/div><\/div>\n\n\n\n<div class=\"wp-block-columns\">\n<div class=\"wp-block-column\">\n<h5>C\u00e2nd s\u0103 c\u0103l\u0103tori\u021bi<\/h5>\n\n\n\n<p>Cea mai bun\u0103 perioad\u0103:<\/p>\n\n\n\n<ul><li>Cea mai bun\u0103 perioad\u0103:<ul><li>martie-mai<\/li><li>septembrie-noiembrie<\/li><\/ul><\/li><li>Cea mai aglomerat\u0103 perioad\u0103:<ul><li>iulie-august<\/li><\/ul><\/li><\/ul>\n<\/div>\n\n\n\n<div class=\"wp-block-column\">\n<h5>Top atrac\u021bii de vizitat<\/h5>\n\n\n\n<ul><li>Sagrada Familia<\/li><li>Parc Guell<\/li><li>Casa Battlo<\/li><li>Montjuic<\/li><li>Muzeul Picasso<\/li><\/ul>\n<\/div>\n\n\n\n<div class=\"wp-block-column\">\n<h5>Top lucruri de neratat<\/h5>\n\n\n\n<ul><li>Pia\u021ba Santa Caterina<\/li><li>Cafe Mirablau<\/li><li>Templul Roman Augustus<\/li><li>Barri Gotic<\/li><li>Pia\u021ba Els Encants<\/li><\/ul>\n<\/div>\n<\/div>\n\n\n\n<div class=\"wp-block-cover has-background-dim\" style=\"background-image:url(https:\/\/igmtravel.ro\/wp-content\/uploads\/2020\/09\/castle-4499689_1920.jpg)\"><div class=\"wp-block-cover__inner-container\">\n<p class=\"has-text-align-center has-large-font-size\"><strong>Berlin<\/strong><\/p>\n<\/div><\/div>\n\n\n\n<div class=\"wp-block-columns\">\n<div class=\"wp-block-column\">\n<h5>C\u00e2nd s\u0103 c\u0103l\u0103tori\u021bi<\/h5>\n\n\n\n<ul><li>Cea mai bun\u0103 perioad\u0103:<ul><li>mai, septembrie, octombrie<\/li><\/ul><\/li><li>Cea mai ieftin\u0103 perioad\u0103:<ul><li>ianuarie, februarie<\/li><\/ul><\/li><\/ul>\n<\/div>\n\n\n\n<div class=\"wp-block-column\">\n<h5>Top atrac\u021bii de vizitat<\/h5>\n\n\n\n<ul><li>Zidul memorial al Berlinului<\/li><li>Cl\u0103direa ParlamentuluiGerman<\/li><li>Poarta Brandenburg<\/li><li>Insula Muzeelor<\/li><li>Alexanderplatz<\/li><\/ul>\n<\/div>\n\n\n\n<div class=\"wp-block-column\">\n<h5>Top lucruri de neratat<\/h5>\n\n\n\n<ul><li>Shopping la Bikini Berlin<\/li><li>Hohensch\u00f6nhausen<\/li><li>Berlin Thai Park<\/li><li>Liquidroom<\/li><li>Gorlitzer Park<\/li><\/ul>\n<\/div>\n<\/div>\n\n\n\n<div class=\"wp-block-cover has-background-dim\" style=\"background-image:url(https:\/\/igmtravel.ro\/wp-content\/uploads\/2020\/10\/athena-1939113_1920.jpg)\"><div class=\"wp-block-cover__inner-container\">\n<p class=\"has-text-align-center has-large-font-size\"><strong>Atena<\/strong><\/p>\n<\/div><\/div>\n\n\n\n<div class=\"wp-block-columns\">\n<div class=\"wp-block-column\">\n<h5>C\u00e2nd s\u0103 c\u0103l\u0103tori\u021bi<\/h5>\n\n\n\n<ul><li>Cea mai bun\u0103 perioad\u0103:<ul><li>martie-mai<\/li><li>octombrie-noiembrie<\/li><\/ul><\/li><li>Cea mai ieftin\u0103 perioad\u0103:<ul><li>decembrie-februarie<\/li><\/ul><\/li><\/ul>\n<\/div>\n\n\n\n<div class=\"wp-block-column\">\n<h5>Top atrac\u021bii de vizitat<\/h5>\n\n\n\n<ul><li>Acropole<\/li><li>Agora Roman\u0103 \u0219i biblioteca lui Hadrian<\/li><li>Pia\u021ba Varvakios<\/li><li>Cartierele Plaka \u0219i Anafiotika<\/li><\/ul>\n<\/div>\n\n\n\n<div class=\"wp-block-column\">\n<h5>Top lucruri de neratat<\/h5>\n\n\n\n<ul><li>Pa\u0219tele \u00een Atena<\/li><li>Cafenelele din Koukaki \u0219i Pagrati<\/li><li>Plaja Kape<\/li><li>Jogging de la Flisvos Marina la Alimo<\/li><li>Galaxy Bar &#8211; un rooftop bar cu view<\/li><\/ul>\n<\/div>\n<\/div>\n\n\n\n<div class=\"wp-block-cover has-background-dim\" style=\"background-image:url(https:\/\/igmtravel.ro\/wp-content\/uploads\/2020\/10\/visting-closseum-history-head.jpg)\"><div class=\"wp-block-cover__inner-container\">\n<p class=\"has-text-align-center has-large-font-size\"><strong>Roma<\/strong><\/p>\n<\/div><\/div>\n\n\n\n<div class=\"wp-block-columns\">\n<div class=\"wp-block-column\">\n<h5>C\u00e2nd s\u0103 c\u0103l\u0103tori\u021bi<\/h5>\n\n\n\n<ul><li>Cea mai bun\u0103 perioad\u0103:<ul><li>aprilie-mai<\/li><li>septmebrie-octombrie<\/li><\/ul><\/li><li>Cea mai liber\u0103 perioad\u0103:<ul><li>noiembrie-martie<\/li><\/ul><\/li><\/ul>\n<\/div>\n\n\n\n<div class=\"wp-block-column\">\n<h5>Top atrac\u021bii de vizitat<\/h5>\n\n\n\n<ul><li>Basilica Sf. Petru<\/li><li>Panteonul<\/li><li>Colosseum<\/li><li>Forumul Roman<\/li><li>F\u00e2nt\u00e2nile Navona \u0219i Trevi<\/li><\/ul>\n<\/div>\n\n\n\n<div class=\"wp-block-column\">\n<h5>Top lucruri de neratat<\/h5>\n\n\n\n<ul><li>Sta\u021bia de metrou San Giovanni<\/li><li>Cimitirul non-Catolic<\/li><li>cartierul Ostiense<\/li><li>Palazzo Doria Pamphilj<\/li><li>Largo di Torre Argentina<\/li><\/ul>\n<\/div>\n<\/div>\n\n\n\n<div class=\"wp-block-cover has-background-dim\" style=\"background-image:url(https:\/\/equitas.ro\/igm\/wp-content\/uploads\/2020\/09\/Best-Views-of-Florence.jpg.optimal.jpg)\"><div class=\"wp-block-cover__inner-container\">\n<p class=\"has-text-align-center has-large-font-size\"><strong>Floren\u021ba<\/strong><\/p>\n<\/div><\/div>\n\n\n\n<div class=\"wp-block-columns\">\n<div class=\"wp-block-column\">\n<h5>C\u00e2nd s\u0103 c\u0103l\u0103tori\u021bi<\/h5>\n\n\n\n<ul><li>Cea mai bun\u0103 vreme:<ul><li>mai-septembrie<\/li><\/ul><\/li><li>Cea mai ieftin\u0103 perioad\u0103:<ul><li>noiembrie-martie<\/li><\/ul><\/li><\/ul>\n<\/div>\n\n\n\n<div class=\"wp-block-column\">\n<h5>Top atrac\u021bii de vizitat<\/h5>\n\n\n\n<ul><li>Palatul \u0219i galeriile Uffizi<\/li><li>Palazzo Vechio<\/li><li>Piazza Dumo \u0219i catedrala Santa Maria del Fiore<\/li><li>Ponte Vecchio<\/li><li>Galleria dell&#8217;Accademia<\/li><\/ul>\n<\/div>\n\n\n\n<div class=\"wp-block-column\">\n<h5>Top lucruri de neratat<\/h5>\n\n\n\n<ul><li>Plimbare \u00een Gr\u0103dinile Boboli<\/li><li>Pia\u021ba San Lorenzo, cea mai veche pia\u021b\u0103 alimentar\u0103 o Floren\u021bei<\/li><li>Tur gourmet cu un ghid local<\/li><li>O Bistecca alla Fiorentina \u0219i un Negroni, cocktailul n\u0103scut \u0103n Floren\u021ba<\/li><\/ul>\n<\/div>\n<\/div>\n\n\n\n<div class=\"wp-block-cover has-background-dim\" style=\"background-image:url(https:\/\/igmtravel.ro\/wp-content\/uploads\/2020\/10\/ireland-4945565_1920.jpg)\"><div class=\"wp-block-cover__inner-container\">\n<p class=\"has-text-align-center has-large-font-size\"><strong>Dublin<\/strong><\/p>\n<\/div><\/div>\n\n\n\n<div class=\"wp-block-columns\">\n<div class=\"wp-block-column\">\n<h5>C\u00e2nd s\u0103 c\u0103l\u0103tori\u021bi<\/h5>\n\n\n\n<ul><li>Cea mai bun\u0103 vreme:<ul><li>martie-mai<\/li><li>septembrie-octombrie<\/li><\/ul><\/li><li>Cea mai ieftin\u0103 perioad\u0103:<ul><li>februarie<\/li><\/ul><\/li><\/ul>\n<\/div>\n\n\n\n<div class=\"wp-block-column\">\n<h5>Top atrac\u021bii de vizitat<\/h5>\n\n\n\n<ul><li>Guinness Storehouse<\/li><li>Parcul Phoenix<\/li><li>Castelul Dublin<\/li><li>Distileria Old Jameson<\/li><li>Zona Temple Bar<\/li><\/ul>\n<\/div>\n\n\n\n<div class=\"wp-block-column\">\n<h5>Top lucruri de neratat<\/h5>\n\n\n\n<ul><li>Jum\u0103tate de zi la Howth<\/li><li>Pr\u00e2nz la &#8220;The Brazen Head&#8221;, cel mai vechi pub din Dublin (1198)<\/li><li>O sear\u0103 la Temple Bar<\/li><li>Excursie de o zi la Cliffs of Moher<\/li><\/ul>\n<\/div>\n<\/div>\n\n\n\n<div class=\"wp-block-cover has-background-dim\" style=\"background-image:url(https:\/\/igmtravel.ro\/wp-content\/uploads\/2020\/10\/tel-aviv-877178_1920.jpg)\"><div class=\"wp-block-cover__inner-container\">\n<p class=\"has-text-align-center has-large-font-size\"><strong>Tel Aviv<\/strong><\/p>\n<\/div><\/div>\n\n\n\n<div class=\"wp-block-columns\">\n<div class=\"wp-block-column\">\n<h5>C\u00e2nd s\u0103 c\u0103l\u0103tori\u021bi<\/h5>\n\n\n\n<ul><li>Cea mai bun\u0103 vreme:<ul><li>aprilie-mai<\/li><li>septembrie-noiembrie<\/li><\/ul><\/li><li>Cea mai ieftin\u0103 perioad\u0103:<ul><li>august<\/li><\/ul><\/li><\/ul>\n<\/div>\n\n\n\n<div class=\"wp-block-column\">\n<h5>Top atrac\u021bii de vizitat<\/h5>\n\n\n\n<ul><li>Muzeul de art\u0103<\/li><li>Portul Jaffa<\/li><li>Parcul Yarkon<\/li><li>Cartierul Yemenit<\/li><li>Strada Bialik<\/li><\/ul>\n<\/div>\n\n\n\n<div class=\"wp-block-column\">\n<h5>Top lucruri de neratat<\/h5>\n\n\n\n<ul><li>Plajele Frishman, Gordon \u0219i Banana<\/li><li>Cartierul Neve Tzedek<\/li><li>Namal, zona veche portuar\u0103<\/li><li>Beit Hatefutsoth, muzeul diasporei<\/li><li>Via\u021ba de noapte de pe strada Allenby<\/li><\/ul>\n<\/div>\n<\/div>\n\n\n\n<div class=\"wp-block-cover has-background-dim\" style=\"background-image:url(https:\/\/igmtravel.ro\/wp-content\/uploads\/2020\/10\/CITY-IST-1.jpg)\"><div class=\"wp-block-cover__inner-container\">\n<p class=\"has-text-align-center has-large-font-size\"><strong>Istanbul<\/strong><\/p>\n<\/div><\/div>\n\n\n\n<div class=\"wp-block-columns\">\n<div class=\"wp-block-column\">\n<h5>C\u00e2nd s\u0103 c\u0103l\u0103tori\u021bi<\/h5>\n\n\n\n<ul><li>Cea mai bun\u0103 perioad\u0103:<ul><li>martie-mai<\/li><li>septembrie-noiembrie<\/li><\/ul><\/li><li>Cea mai ieftin\u0103 perioad\u0103:<ul><li>ianuarie<\/li><\/ul><\/li><\/ul>\n<\/div>\n\n\n\n<div class=\"wp-block-column\">\n<h5>Top atrac\u021bii de vizitat<\/h5>\n\n\n\n<ul><li>Hagia Sophia<\/li><li>Biserica Albastr\u0103<\/li><li>Palatul Topkap\u00ee<\/li><li>Palatul Dolmabahce<\/li><li>Parcul Gulhane<\/li><\/ul>\n<\/div>\n\n\n\n<div class=\"wp-block-column\">\n<h5>Top lucruri de neratat<\/h5>\n\n\n\n<ul><li>Marele Bazar \u0219i bazarul egiptean<\/li><li>Basilica Cistern<\/li><li>Croazier\u0103 pe Bosfor<\/li><li>Miniaturk<\/li><li>Moschea Artakoy<\/li><\/ul>\n<\/div>\n<\/div>\n","protected":false},"excerpt":{"rendered":"<p>\u00een toate capitalele Europei<\/p>\n","protected":false},"author":1,"featured_media":2479,"comment_status":"closed","ping_status":"closed","template":"","dt_portfolio_category":[],"dt_portfolio_tags":[],"_links":{"self":[{"href":"https:\/\/igmtravel.ro\/index.php\/wp-json\/wp\/v2\/dt_portfolio\/2750"}],"collection":[{"href":"https:\/\/igmtravel.ro\/index.php\/wp-json\/wp\/v2\/dt_portfolio"}],"about":[{"href":"https:\/\/igmtravel.ro\/index.php\/wp-json\/wp\/v2\/types\/dt_portfolio"}],"author":[{"embeddable":true,"href":"https:\/\/igmtravel.ro\/index.php\/wp-json\/wp\/v2\/users\/1"}],"replies":[{"embeddable":true,"href":"https:\/\/igmtravel.ro\/index.php\/wp-json\/wp\/v2\/comments?post=2750"}],"version-history":[{"count":38,"href":"https:\/\/igmtravel.ro\/index.php\/wp-json\/wp\/v2\/dt_portfolio\/2750\/revisions"}],"predecessor-version":[{"id":3294,"href":"https:\/\/igmtravel.ro\/index.php\/wp-json\/wp\/v2\/dt_portfolio\/2750\/revisions\/3294"}],"wp:featuredmedia":[{"embeddable":true,"href":"https:\/\/igmtravel.ro\/index.php\/wp-json\/wp\/v2\/media\/2479"}],"wp:attachment":[{"href":"https:\/\/igmtravel.ro\/index.php\/wp-json\/wp\/v2\/media?parent=2750"}],"wp:term":[{"taxonomy":"dt_portfolio_category","embeddable":true,"href":"https:\/\/igmtravel.ro\/index.php\/wp-json\/wp\/v2\/dt_portfolio_category?post=2750"},{"taxonomy":"dt_portfolio_tags","embeddable":true,"href":"https:\/\/igmtravel.ro\/index.php\/wp-json\/wp\/v2\/dt_portfolio_tags?post=2750"}],"curies":[{"name":"wp","href":"https:\/\/api.w.org\/{rel}","templated":true}]}}